{"id":313,"date":"2020-03-06T01:09:56","date_gmt":"2020-03-06T00:09:56","guid":{"rendered":"https:\/\/ifl.sk\/danove-poradenstvo\/"},"modified":"2020-07-03T14:59:54","modified_gmt":"2020-07-03T12:59:54","slug":"danove-poradenstvo","status":"publish","type":"page","link":"https:\/\/ifl.sk\/hu\/danove-poradenstvo","title":{"rendered":"Ad\u00f3tan\u00e1csad\u00e1s"},"content":{"rendered":"<p>[vc_row][vc_column][vc_empty_space height=&#8221;40px&#8221;][vc_column_text]<\/p>\n<p style=\"text-align: justified;\">Saj\u00e1t tapasztalatainkb\u00f3l tudjuk, hogy az \u00f6nfoglalkoztat\u00e1s korszak\u00e1ba val\u00f3 \u00e1tugr\u00e1s n\u00e9ha neh\u00e9z lehet. Ez\u00e9rt k\u00edn\u00e1lunk v\u00e1llalkoz\u00f3knak speci\u00e1lis tan\u00e1csokat, amelyek seg\u00edtenek sz\u00e1mukra, hogy a lehet\u0151 leghamarabb felszerelj\u00e9k az irod\u00e1kban minden sz\u00fcks\u00e9gest. Seg\u00edts\u00e9get ny\u00fajtunk, amikor a jogi form\u00e1r\u00f3l d\u00f6ntenek, amikor v\u00e1laszt keresnek a kereskedelmi enged\u00e9lyek \u00e9s a t\u00e1rsadalombiztos\u00edt\u00e1s k\u00e9rd\u00e9seire.<\/p>\n<p style=\"text-align: justified;\">Az ad\u00f3\u00fcgyi tan\u00e1csad\u00e1s mag\u00e1ban foglalja az ad\u00f3alap meghat\u00e1roz\u00e1s\u00e1val kapcsolatos tan\u00e1csad\u00e1st, az ad\u00f3tervez\u00e9si tan\u00e1csad\u00e1st, valamint v\u00e9lem\u00e9nyeket \u00e9s magyar\u00e1zatokat ad az \u00fcgyfelek sz\u00e1m\u00e1ra az ad\u00f3szab\u00e1lyok ad\u00f3z\u00e1s ter\u00fclet\u00e9n t\u00f6rt\u00e9n\u0151 alkalmaz\u00e1s\u00e1r\u00f3l. Az \u00fcgyfeleknek k\u00fcl\u00f6nf\u00e9le t\u00edpus\u00fa ad\u00f3kra vonatkoz\u00f3 ad\u00f3bevall\u00e1sokat is k\u00e9sz\u00edt\u00fcnk a hat\u00e1lyos, gyakran v\u00e1ltoz\u00f3 jogszab\u00e1lyoknak megfelel\u0151en. A szolg\u00e1ltat\u00e1sok k\u00f6re az \u00fcgyf\u00e9l ig\u00e9nyeit\u0151l \u00e9s k\u00f6vetelm\u00e9nyeit\u0151l f\u00fcgg. C\u00e9g\u00fcnk regisztr\u00e1lva van a Szlov\u00e1k Ad\u00f3tan\u00e1csad\u00f3k Kamara ter\u00fclet\u00e9n \u00e9s jogosult ad\u00f3\u00fcgyi tan\u00e1csad\u00e1sra.<\/p>\n<p>&nbsp;<\/p>\n<ul>\n<li>Szakosodott tan\u00e1csad\u00e1s az egyes ad\u00f3jogszab\u00e1lyok ter\u00fclet\u00e9n folyamatosan ny\u00fajtott tan\u00e1csad\u00e1s form\u00e1j\u00e1ban.<\/li>\n<li>\u00dcgyfelek k\u00e9pviselete az ad\u00f3hivatalokban meghatalmaz\u00e1ssal.<\/li>\n<li>Az ad\u00f3bevall\u00e1sok feldolgoz\u00e1sa.<\/li>\n<li>Ad\u00f3ellen\u0151rz\u00e9s folyamatosan v\u00e9gzett tev\u00e9kenys\u00e9gek form\u00e1j\u00e1ban.<\/li>\n<li>Tan\u00e1csad\u00e1s az \u00fczleti szerz\u0151d\u00e9sek megk\u00f6t\u00e9s\u00e9ben, a legoptim\u00e1lisabb ad\u00f3megold\u00e1s tekintet\u00e9ben.<\/li>\n<li>Nemzetk\u00f6zi tervez\u00e9s..<\/li>\n<li>Egy\u00e9ni megk\u00f6zel\u00edt\u00e9s az egy\u00e9ni v\u00e1llalkoz\u00f3kt\u00f3l a k\u00f6zepes m\u00e9ret\u0171 v\u00e1llalkoz\u00e1sokon \u00e1t a nagyv\u00e1llalatokig.<\/li>\n<li>Szakmai konzult\u00e1ci\u00f3k.<\/li>\n<li>K\u00e9pz\u00e9s az \u00fcgyf\u00e9l gazdas\u00e1gi oszt\u00e1ly\u00e1nak ig\u00e9nyei szerint \u00e9s annak t\u00e1mogat\u00e1sa.<\/li>\n<li>V\u00e9lem\u00e9nyek kidolgoz\u00e1sa a kijel\u00f6lt probl\u00e9m\u00e1kr\u00f3l.<\/li>\n<li>\n<div class=\"tlid-input input\">\n<div class=\"source-wrap\">\n<div class=\"input-full-height-wrapper tlid-input-full-height-wrapper\">\n<div class=\"source-input\">\n<div class=\"source-footer-wrap source-or-target-footer\">\n<div class=\"character-count tlid-character-count\">\n<div class=\"cc-ctr normal\">Ad\u00f3\u00fcgyi regisztr\u00e1ci\u00f3<\/div>\n<\/div>\n<div class=\"source-footer\">\n<div class=\"speech-wrap source-or-target-footer-button left-positioned\"><\/div>\n<\/div>\n<\/div>\n<\/div>\n<\/div>\n<\/div>\n<\/div>\n<div class=\"tlid-results-container results-container\">\n<div class=\"tlid-result result-dict-wrapper\">\n<div class=\"result tlid-copy-target\"><\/div>\n<\/div>\n<\/div>\n<\/li>\n<\/ul>\n<p>[\/vc_column_text][\/vc_column][\/vc_row][vc_row][vc_column][vc_empty_space height=&#8221;40px&#8221;][\/vc_column][\/vc_row]<\/p>\n","protected":false},"excerpt":{"rendered":"<p>[vc_row][vc_column][vc_empty_space height=&#8221;40px&#8221;][vc_column_text] Saj\u00e1t tapasztalatainkb\u00f3l tudjuk, hogy az \u00f6nfoglalkoztat\u00e1s korszak\u00e1ba val\u00f3 \u00e1tugr\u00e1s n\u00e9ha neh\u00e9z lehet. Ez\u00e9rt k\u00edn\u00e1lunk v\u00e1llalkoz\u00f3knak speci\u00e1lis tan\u00e1csokat, amelyek seg\u00edtenek sz\u00e1mukra, hogy a lehet\u0151 leghamarabb<span class=\"excerpt-hellip\"> [\u2026]<\/span><\/p>\n","protected":false},"author":1,"featured_media":0,"parent":0,"menu_order":0,"comment_status":"closed","ping_status":"closed","template":"","meta":{"footnotes":""},"class_list":["post-313","page","type-page","status-publish","hentry"],"acf":[],"yoast_head":"<!-- This site is optimized with the Yoast SEO Premium plugin v15.2 - https:\/\/yoast.com\/wordpress\/plugins\/seo\/ -->\n<title>Ad\u00f3tan\u00e1csad\u00e1s - Ing. Ludov\u00edt Fiala - IFL<\/title>\n<meta name=\"description\" content=\"Firma Ing. \u013dudov\u00edt Fiala - IFL p\u00f4sob\u00ed v oblasti poskytovania \u00fa\u010dtovn\u00fdch a poradensk\u00fdch slu\u017eieb na trhu od roku 1991.\" \/>\n<meta name=\"robots\" content=\"index, follow, max-snippet:-1, max-image-preview:large, max-video-preview:-1\" \/>\n<link rel=\"canonical\" href=\"https:\/\/ifl.sk\/hu\/danove-poradenstvo\" \/>\n<meta property=\"og:locale\" content=\"hu_HU\" \/>\n<meta property=\"og:type\" content=\"article\" \/>\n<meta property=\"og:title\" content=\"Ad\u00f3tan\u00e1csad\u00e1s - Ing. Ludov\u00edt Fiala - IFL\" \/>\n<meta property=\"og:description\" content=\"Firma Ing. \u013dudov\u00edt Fiala - IFL p\u00f4sob\u00ed v oblasti poskytovania \u00fa\u010dtovn\u00fdch a poradensk\u00fdch slu\u017eieb na trhu od roku 1991.\" \/>\n<meta property=\"og:url\" content=\"https:\/\/ifl.sk\/hu\/danove-poradenstvo\" \/>\n<meta property=\"og:site_name\" content=\"Ing. Ludov\u00edt Fiala - IFL\" \/>\n<meta property=\"article:modified_time\" content=\"2020-07-03T12:59:54+00:00\" \/>\n<meta name=\"twitter:card\" content=\"summary_large_image\" \/>\n<meta name=\"twitter:label1\" value=\"Szerz\u0151:\">\n\t<meta name=\"twitter:data1\" value=\"admin\">\n\t<meta name=\"twitter:label2\" value=\"Becs\u00fclt olvas\u00e1si id\u0151\">\n\t<meta name=\"twitter:data2\" value=\"2 perc\">\n<script type=\"application\/ld+json\" class=\"yoast-schema-graph\">{\"@context\":\"https:\/\/schema.org\",\"@graph\":[{\"@type\":\"WebSite\",\"@id\":\"https:\/\/ifl.sk\/#website\",\"url\":\"https:\/\/ifl.sk\/\",\"name\":\"Ing. Ludov\\u00edt Fiala - IFL\",\"description\":\"\\u00da\\u010dtovn\\u00edctvo a da\\u0148ov\\u00e9 poradenstvo\",\"potentialAction\":[{\"@type\":\"SearchAction\",\"target\":\"https:\/\/ifl.sk\/?s={search_term_string}\",\"query-input\":\"required name=search_term_string\"}],\"inLanguage\":\"hu\"},{\"@type\":\"WebPage\",\"@id\":\"https:\/\/ifl.sk\/hu\/danove-poradenstvo#webpage\",\"url\":\"https:\/\/ifl.sk\/hu\/danove-poradenstvo\",\"name\":\"Ad\\u00f3tan\\u00e1csad\\u00e1s - Ing. Ludov\\u00edt Fiala - IFL\",\"isPartOf\":{\"@id\":\"https:\/\/ifl.sk\/#website\"},\"datePublished\":\"2020-03-06T00:09:56+00:00\",\"dateModified\":\"2020-07-03T12:59:54+00:00\",\"description\":\"Firma Ing. \\u013dudov\\u00edt Fiala - IFL p\\u00f4sob\\u00ed v oblasti poskytovania \\u00fa\\u010dtovn\\u00fdch a poradensk\\u00fdch slu\\u017eieb na trhu od roku 1991.\",\"inLanguage\":\"hu\",\"potentialAction\":[{\"@type\":\"ReadAction\",\"target\":[\"https:\/\/ifl.sk\/hu\/danove-poradenstvo\"]}]},{\"@type\":\"Place\",\"@id\":\"https:\/\/ifl.sk\/hu\/danove-poradenstvo#local-place\",\"address\":{\"@type\":\"PostalAddress\",\"@id\":\"https:\/\/ifl.sk\/hu\/danove-poradenstvo#local-place-address\",\"streetAddress\":\"\",\"addressLocality\":\"\",\"postalCode\":\"\",\"addressRegion\":\"\",\"addressCountry\":\"\"},\"geo\":{\"@type\":\"GeoCoordinates\",\"latitude\":\"\",\"longitude\":\"\"},\"openingHoursSpecification\":[{\"@type\":\"OpeningHoursSpecification\",\"dayOfWeek\":[\"Monday\",\"Tuesday\",\"Wednesday\",\"Thursday\",\"Friday\",\"Saturday\",\"Sunday\"],\"opens\":\"09:00\",\"closes\":\"17:00\"}]}]}<\/script>\n<!-- \/ Yoast SEO Premium plugin. -->","_links":{"self":[{"href":"https:\/\/ifl.sk\/hu\/wp-json\/wp\/v2\/pages\/313","targetHints":{"allow":["GET"]}}],"collection":[{"href":"https:\/\/ifl.sk\/hu\/wp-json\/wp\/v2\/pages"}],"about":[{"href":"https:\/\/ifl.sk\/hu\/wp-json\/wp\/v2\/types\/page"}],"author":[{"embeddable":true,"href":"https:\/\/ifl.sk\/hu\/wp-json\/wp\/v2\/users\/1"}],"replies":[{"embeddable":true,"href":"https:\/\/ifl.sk\/hu\/wp-json\/wp\/v2\/comments?post=313"}],"version-history":[{"count":2,"href":"https:\/\/ifl.sk\/hu\/wp-json\/wp\/v2\/pages\/313\/revisions"}],"predecessor-version":[{"id":374,"href":"https:\/\/ifl.sk\/hu\/wp-json\/wp\/v2\/pages\/313\/revisions\/374"}],"wp:attachment":[{"href":"https:\/\/ifl.sk\/hu\/wp-json\/wp\/v2\/media?parent=313"}],"curies":[{"name":"wp","href":"https:\/\/api.w.org\/{rel}","templated":true}]}}